{"id":4763,"date":"2026-01-26T14:29:14","date_gmt":"2026-01-26T18:29:14","guid":{"rendered":"https:\/\/www.pcyc.qc.ca\/?page_id=4763"},"modified":"2026-01-26T14:29:14","modified_gmt":"2026-01-26T18:29:14","slug":"notre-equipe","status":"publish","type":"page","link":"https:\/\/www.pcyc.qc.ca\/fr\/notre-equipe\/","title":{"rendered":"Notre \u00c9quipe"},"content":{"rendered":"\n<div id=\"footable_parent_4762\"\n         class=\" footable_parent ninja_table_wrapper loading_ninja_table wp_table_data_press_parent semantic_ui colored_table\">\n                    <h3 class=\"table_title footable_title\">Conseiller en performance<\/h3>\n                        <table data-ninja_table_instance=\"ninja_table_instance_0\" data-footable_id=\"4762\" data-filter-delay=\"1000\" aria-label=\"Conseiller en performance\"            id=\"footable_4762\"\n           data-unique_identifier=\"ninja_table_unique_id_45570280_4762\"\n           class=\" foo-table ninja_footable foo_table_4762 ninja_table_unique_id_45570280_4762 ui table  blue nt_type_legacy_table selectable celled striped vertical_centered inverted footable-paging-right hide_stacked_th ninja_table_search_disabled ninja_table_pro\">\n                <colgroup>\n                            <col class=\"ninja_column_0 \">\n                            <col class=\"ninja_column_1 \">\n                    <\/colgroup>\n        <thead>\n<tr class=\"footable-header\">\n                                        <th scope=\"col\"  class=\"ninja_column_0 ninja_clmn_nm_instructor_coach \">Conseiller en performance<\/th><th scope=\"col\"  class=\"ninja_column_1 ninja_clmn_nm_bio \"><\/th><\/tr>\n<\/thead>\n<tbody>\n\n        <tr data-row_id=\"855\" class=\"ninja_table_row_0 nt_row_id_855\">\n            <td data-json_values={\"permalink\":\"\",\"image_thumb\":\"https:\\\/\\\/www.pcyc.qc.ca\\\/wp-content\\\/uploads\\\/2025\\\/12\\\/Anders-150x150.png\",\"image_full\":\"https:\\\/\\\/www.pcyc.qc.ca\\\/wp-content\\\/uploads\\\/2025\\\/12\\\/Anders.png\",\"alt_text\":\"Anders\"}><img decoding=\"async\" alt=\"Anders\" class=\"nt_image_type_thumb\" src=\"https:\/\/www.pcyc.qc.ca\/wp-content\/uploads\/2025\/12\/Anders-150x150.png\"\/><\/td><td>Anders Gustafsson apporte plus de 25 ans d'exp\u00e9rience dans le sport de haut niveau, d'abord en tant qu'athl\u00e8te de classe mondiale en cano\u00eb-kayak de vitesse, puis aujourd'hui en tant que responsable technique et entra\u00eeneur du PCYC. Quatre fois olympien et champion du monde 2010 en K1 500 m, il s'est reconverti dans le coaching et est devenu directeur g\u00e9n\u00e9ral et entra\u00eeneur en chef de l'\u00e9quipe nationale de Cano\u00eb Kayak Canada, guidant les athl\u00e8tes vers cinq m\u00e9dailles aux Jeux olympiques et paralympiques de Tokyo 2020 et Paris 2024. Ayant grandi en Su\u00e8de, il a d'abord pratiqu\u00e9 la voile et a \u00e9galement particip\u00e9 \u00e0 deux campagnes de la Coupe de l'America (AC35 Bermudes et AC36 Auckland).<\/td>        <\/tr>\n    <\/tbody><!--ninja_tobody_rendering_done-->\n    <\/table>\n    \n    \n    \n<\/div>\n\n\n\n\n<div id=\"footable_parent_4758\"\n         class=\" footable_parent ninja_table_wrapper loading_ninja_table wp_table_data_press_parent semantic_ui colored_table\">\n                    <h3 class=\"table_title footable_title\">Instructeurs (Juniors)<\/h3>\n                        <table data-ninja_table_instance=\"ninja_table_instance_1\" data-footable_id=\"4758\" data-filter-delay=\"1000\" aria-label=\"Instructeurs (Juniors)\"            id=\"footable_4758\"\n           data-unique_identifier=\"ninja_table_unique_id_1729314034_4758\"\n           class=\" foo-table ninja_footable foo_table_4758 ninja_table_unique_id_1729314034_4758 ui table  blue nt_type_legacy_table selectable celled striped vertical_centered inverted footable-paging-right hide_stacked_th ninja_table_search_disabled ninja_table_pro\">\n                <colgroup>\n                            <col class=\"ninja_column_0 \">\n                            <col class=\"ninja_column_1 \">\n                    <\/colgroup>\n        <thead>\n<tr class=\"footable-header\">\n                                        <th scope=\"col\"  class=\"ninja_column_0 ninja_clmn_nm_instructor_coach \">Instructeurs (Juniors)<\/th><th scope=\"col\"  class=\"ninja_column_1 ninja_clmn_nm_bio \"><\/th><\/tr>\n<\/thead>\n<tbody>\n\n        <tr data-row_id=\"835\" class=\"ninja_table_row_0 nt_row_id_835\">\n            <td data-json_values={\"permalink\":\"\",\"image_thumb\":\"https:\\\/\\\/www.pcyc.qc.ca\\\/wp-content\\\/uploads\\\/2025\\\/12\\\/pearl-150x150.png\",\"image_full\":\"https:\\\/\\\/www.pcyc.qc.ca\\\/wp-content\\\/uploads\\\/2025\\\/12\\\/pearl.png\",\"alt_text\":\"pearl\"}><img decoding=\"async\" alt=\"pearl\" class=\"nt_image_type_thumb\" src=\"https:\/\/www.pcyc.qc.ca\/wp-content\/uploads\/2025\/12\/pearl-150x150.png\"\/><\/td><td>Pearl Zhou apporte au programme une grande connaissance de la voile. Les \u00e9tudiants appr\u00e9cient son calme et l'importance qu'elle accorde aux comp\u00e9tences pratiques qui se traduisent dans la r\u00e9alit\u00e9. \u00c9quipe de course de McGill.<\/td>        <\/tr>\n            <tr data-row_id=\"836\" class=\"ninja_table_row_1 nt_row_id_836\">\n            <td data-json_values={\"permalink\":\"\",\"image_thumb\":\"https:\\\/\\\/www.pcyc.qc.ca\\\/wp-content\\\/uploads\\\/2026\\\/01\\\/Untitled-design-2-150x150.jpg\",\"image_full\":\"https:\\\/\\\/www.pcyc.qc.ca\\\/wp-content\\\/uploads\\\/2026\\\/01\\\/Untitled-design-2.jpg\",\"alt_text\":\"Untitled design (2)\"}><img decoding=\"async\" alt=\"Untitled design (2)\" class=\"nt_image_type_thumb\" src=\"https:\/\/www.pcyc.qc.ca\/wp-content\/uploads\/2026\/01\/Untitled-design-2-150x150.jpg\"\/><\/td><td>Nick Boucher poss\u00e8de une solide exp\u00e9rience vari\u00e9e en voile, notamment sur les classes C420, 29er, Lightning et Optimist. Marin d\u00e9vou\u00e9 et enthousiaste, il continue de participer activement au programme \u00ab Learn to Sail \u00bb (Apprendre \u00e0 naviguer) et est toujours pr\u00eat \u00e0 intervenir pour soutenir les \u00e9quipes de course d\u00e8s qu'on fait appel \u00e0 lui. Son attitude positive et son engagement font de lui un membre pr\u00e9cieux de la communaut\u00e9 nautique.<\/td>        <\/tr>\n            <tr data-row_id=\"837\" class=\"ninja_table_row_2 nt_row_id_837\">\n            <td data-json_values={\"permalink\":\"\",\"image_thumb\":\"https:\\\/\\\/www.pcyc.qc.ca\\\/wp-content\\\/uploads\\\/2025\\\/11\\\/avatar-1577909_640-150x150.png\",\"image_full\":\"https:\\\/\\\/www.pcyc.qc.ca\\\/wp-content\\\/uploads\\\/2025\\\/11\\\/avatar-1577909_640.png\",\"alt_text\":\"avatar-1577909_640\"}><img decoding=\"async\" alt=\"avatar-1577909_640\" class=\"nt_image_type_thumb\" src=\"https:\/\/www.pcyc.qc.ca\/wp-content\/uploads\/2025\/11\/avatar-1577909_640-150x150.png\"\/><\/td><td>Emily Miao a de l'exp\u00e9rience dans la navigation sur des Optimists, des FJ et des C420. Elle est passionn\u00e9e par l'entra\u00eenement et appr\u00e9cie vraiment travailler avec les groupes \u00ab Learn to Sail \u00bb (Apprendre \u00e0 naviguer), o\u00f9 son enthousiasme et son approche positive contribuent \u00e0 cr\u00e9er un environnement d'apprentissage amusant et encourageant.<\/td>        <\/tr>\n            <tr data-row_id=\"838\" class=\"ninja_table_row_3 nt_row_id_838\">\n            <td data-json_values={\"permalink\":\"\",\"image_thumb\":\"https:\\\/\\\/www.pcyc.qc.ca\\\/wp-content\\\/uploads\\\/2026\\\/01\\\/Charlie-Barriga-150x150.jpg\",\"image_full\":\"https:\\\/\\\/www.pcyc.qc.ca\\\/wp-content\\\/uploads\\\/2026\\\/01\\\/Charlie-Barriga.jpg\",\"alt_text\":\"Charlie Barriga\"}><img decoding=\"async\" alt=\"Charlie Barriga\" class=\"nt_image_type_thumb\" src=\"https:\/\/www.pcyc.qc.ca\/wp-content\/uploads\/2026\/01\/Charlie-Barriga-150x150.jpg\"\/><\/td><td>Charlie Barriga apporte une vaste exp\u00e9rience dans les domaines de la voile ILCA et Optimist. Navigateur tr\u00e8s comp\u00e9titif, il a remport\u00e9 de nombreux succ\u00e8s lors de plusieurs r\u00e9gates et continue de faire preuve d'une grande habilet\u00e9, d'une grande concentration et d'un grand d\u00e9vouement sur les parcours de course.<\/td>        <\/tr>\n    <\/tbody><!--ninja_tobody_rendering_done-->\n    <\/table>\n    \n    \n    \n<\/div>\n\n\n\n\n<div id=\"footable_parent_4760\"\n         class=\" footable_parent ninja_table_wrapper loading_ninja_table wp_table_data_press_parent semantic_ui colored_table\">\n                    <h3 class=\"table_title footable_title\">Entra\u00eeneurs (Juniors)<\/h3>\n                        <table data-ninja_table_instance=\"ninja_table_instance_2\" data-footable_id=\"4760\" data-filter-delay=\"1000\" aria-label=\"Entra\u00eeneurs (Juniors)\"            id=\"footable_4760\"\n           data-unique_identifier=\"ninja_table_unique_id_298187306_4760\"\n           class=\" foo-table ninja_footable foo_table_4760 ninja_table_unique_id_298187306_4760 ui table  blue nt_type_legacy_table selectable celled striped vertical_centered inverted footable-paging-right hide_stacked_th ninja_table_search_disabled ninja_table_pro\">\n                <colgroup>\n                            <col class=\"ninja_column_0 \">\n                            <col class=\"ninja_column_1 \">\n                    <\/colgroup>\n        <thead>\n<tr class=\"footable-header\">\n                                        <th scope=\"col\"  class=\"ninja_column_0 ninja_clmn_nm_instructor_coach \">Entra\u00eeneurs (Juniors)<\/th><th scope=\"col\"  class=\"ninja_column_1 ninja_clmn_nm_bio \"><\/th><\/tr>\n<\/thead>\n<tbody>\n\n        <tr data-row_id=\"845\" class=\"ninja_table_row_0 nt_row_id_845\">\n            <td data-json_values={\"permalink\":\"\",\"image_thumb\":\"https:\\\/\\\/www.pcyc.qc.ca\\\/wp-content\\\/uploads\\\/2025\\\/12\\\/AJ-150x150.png\",\"image_full\":\"https:\\\/\\\/www.pcyc.qc.ca\\\/wp-content\\\/uploads\\\/2025\\\/12\\\/AJ.png\",\"alt_text\":\"AJ\"}><img decoding=\"async\" alt=\"AJ\" class=\"nt_image_type_thumb\" src=\"https:\/\/www.pcyc.qc.ca\/wp-content\/uploads\/2025\/12\/AJ-150x150.png\"\/><\/td><td>Coureur de longue date, A.J. Boucher a repr\u00e9sent\u00e9 le club lors de r\u00e9gates r\u00e9gionales et nationales dans les flottes Laser et 420. Le style d'entra\u00eenement d'AJ met l'accent sur la performance, la strat\u00e9gie et la maniabilit\u00e9 du bateau, aidant ainsi les \u00e9l\u00e8ves \u00e0 repousser leurs limites tout en maintenant un environnement d'apprentissage amusant et motivant.<\/td>        <\/tr>\n            <tr data-row_id=\"847\" class=\"ninja_table_row_1 nt_row_id_847\">\n            <td data-json_values={\"permalink\":\"\",\"image_thumb\":\"https:\\\/\\\/www.pcyc.qc.ca\\\/wp-content\\\/uploads\\\/2026\\\/01\\\/Untitled-design-150x150.png\",\"image_full\":\"https:\\\/\\\/www.pcyc.qc.ca\\\/wp-content\\\/uploads\\\/2026\\\/01\\\/Untitled-design.png\",\"alt_text\":\"Untitled design\"}><img decoding=\"async\" alt=\"Untitled design\" class=\"nt_image_type_thumb\" src=\"https:\/\/www.pcyc.qc.ca\/wp-content\/uploads\/2026\/01\/Untitled-design-150x150.png\"\/><\/td><td>Adam occupe le poste d'instructeur en chef et apporte une vaste exp\u00e9rience de la course dans la classe C420. Ancien entra\u00eeneur de l'\u00e9quipe de course C420, il enseigne au club depuis 2021, o\u00f9 son leadership, ses connaissances approfondies et son engagement en faveur du d\u00e9veloppement des navigateurs continuent d'avoir un impact consid\u00e9rable.<\/td>        <\/tr>\n            <tr data-row_id=\"846\" class=\"ninja_table_row_2 nt_row_id_846\">\n            <td data-json_values={\"permalink\":\"\",\"image_thumb\":\"https:\\\/\\\/www.pcyc.qc.ca\\\/wp-content\\\/uploads\\\/2026\\\/01\\\/Untitled-design-1-150x150.jpg\",\"image_full\":\"https:\\\/\\\/www.pcyc.qc.ca\\\/wp-content\\\/uploads\\\/2026\\\/01\\\/Untitled-design-1.jpg\",\"alt_text\":\"Untitled design (1)\"}><img decoding=\"async\" alt=\"Untitled design (1)\" class=\"nt_image_type_thumb\" src=\"https:\/\/www.pcyc.qc.ca\/wp-content\/uploads\/2026\/01\/Untitled-design-1-150x150.jpg\"\/><\/td><td>Owen Malone est un entra\u00eeneur ILCA (Laser) hautement qualifi\u00e9, qui apporte des connaissances techniques exceptionnelles et un \u0153il aiguis\u00e9 pour la performance. Reconnu pour sa capacit\u00e9 \u00e0 \u00e9tablir des liens avec les navigateurs et \u00e0 traduire des concepts complexes en commentaires clairs et exploitables, il aide constamment les athl\u00e8tes \u00e0 renforcer leur confiance et leurs performances sur l'eau.<\/td>        <\/tr>\n            <tr data-row_id=\"848\" class=\"ninja_table_row_3 nt_row_id_848\">\n            <td data-json_values={\"permalink\":\"\",\"image_thumb\":\"https:\\\/\\\/www.pcyc.qc.ca\\\/wp-content\\\/uploads\\\/2026\\\/01\\\/Untitled-design-150x150.jpg\",\"image_full\":\"https:\\\/\\\/www.pcyc.qc.ca\\\/wp-content\\\/uploads\\\/2026\\\/01\\\/Untitled-design.jpg\",\"alt_text\":\"Untitled design\"}><img decoding=\"async\" alt=\"Untitled design\" class=\"nt_image_type_thumb\" src=\"https:\/\/www.pcyc.qc.ca\/wp-content\/uploads\/2026\/01\/Untitled-design-150x150.jpg\"\/><\/td><td>Hunter Hoy est un entra\u00eeneur exceptionnel en voile WASZP, C420 et 29er. Il apporte une polyvalence rare et une expertise technique approfondie dans les classes de foils et de haute performance. Sa capacit\u00e9 \u00e0 former des navigateurs \u00e0 tous les niveaux, combin\u00e9e \u00e0 son engagement sans faille et \u00e0 son leadership sur l'eau et hors de l'eau, font de lui un membre indispensable de l'\u00e9quipe d'entra\u00eeneurs.<\/td>        <\/tr>\n    <\/tbody><!--ninja_tobody_rendering_done-->\n    <\/table>\n    \n    \n    \n<\/div>\n\n\n\n\n<div id=\"footable_parent_4759\"\n         class=\" footable_parent ninja_table_wrapper loading_ninja_table wp_table_data_press_parent semantic_ui colored_table\">\n                    <h3 class=\"table_title footable_title\">Instructeurs (Quillard - Adulte)<\/h3>\n                        <table data-ninja_table_instance=\"ninja_table_instance_3\" data-footable_id=\"4759\" data-filter-delay=\"1000\" aria-label=\"Instructeurs (Quillard - Adulte)\"            id=\"footable_4759\"\n           data-unique_identifier=\"ninja_table_unique_id_1096882868_4759\"\n           class=\" foo-table ninja_footable foo_table_4759 ninja_table_unique_id_1096882868_4759 ui table  blue nt_type_legacy_table selectable celled striped vertical_centered inverted footable-paging-right hide_stacked_th ninja_table_search_disabled ninja_table_pro\">\n                <colgroup>\n                            <col class=\"ninja_column_0 \">\n                            <col class=\"ninja_column_1 \">\n                    <\/colgroup>\n        <thead>\n<tr class=\"footable-header\">\n                                        <th scope=\"col\"  class=\"ninja_column_0 ninja_clmn_nm_instructor_coach \">Instructeurs (Quillard - Adulte)<\/th><th scope=\"col\"  class=\"ninja_column_1 ninja_clmn_nm_bio \"><\/th><\/tr>\n<\/thead>\n<tbody>\n\n        <tr data-row_id=\"842\" class=\"ninja_table_row_0 nt_row_id_842\">\n            <td data-json_values={\"permalink\":\"\",\"image_thumb\":\"https:\\\/\\\/www.pcyc.qc.ca\\\/wp-content\\\/uploads\\\/2026\\\/01\\\/IMG_9229-150x150.jpeg\",\"image_full\":\"https:\\\/\\\/www.pcyc.qc.ca\\\/wp-content\\\/uploads\\\/2026\\\/01\\\/IMG_9229.jpeg\",\"alt_text\":\"IMG_9229\"}><img decoding=\"async\" alt=\"IMG_9229\" class=\"nt_image_type_thumb\" src=\"https:\/\/www.pcyc.qc.ca\/wp-content\/uploads\/2026\/01\/IMG_9229-150x150.jpeg\"\/><\/td><td>Jan Krejcar est un instructeur certifi\u00e9 par Sail Canada et la RYA qui enseigne la voile sur quillard aux adultes avec une approche claire, m\u00e9thodique et tr\u00e8s professionnelle. Reconnu pour son souci du d\u00e9tail et sa compr\u00e9hension approfondie des principes fondamentaux de la voile, il transmet ses connaissances d'une mani\u00e8re accessible et qui renforce la confiance des nouveaux navigateurs. Son style d'enseignement calme et structur\u00e9 aide les \u00e9l\u00e8ves \u00e0 acqu\u00e9rir des comp\u00e9tences solides et une base solide sur l'eau. Les \u00e9l\u00e8ves b\u00e9n\u00e9ficient de l'attention port\u00e9e par Jan aux d\u00e9tails et de son engagement en mati\u00e8re de s\u00e9curit\u00e9.<\/td>        <\/tr>\n            <tr data-row_id=\"843\" class=\"ninja_table_row_1 nt_row_id_843\">\n            <td data-json_values={\"permalink\":\"\",\"image_thumb\":\"https:\\\/\\\/www.pcyc.qc.ca\\\/wp-content\\\/uploads\\\/2026\\\/04\\\/Picture-Yves-2-150x150.jpeg\",\"image_full\":\"https:\\\/\\\/www.pcyc.qc.ca\\\/wp-content\\\/uploads\\\/2026\\\/04\\\/Picture-Yves-2.jpeg\",\"alt_text\":\"Picture Yves\"}><img decoding=\"async\" alt=\"Picture Yves\" class=\"nt_image_type_thumb\" src=\"https:\/\/www.pcyc.qc.ca\/wp-content\/uploads\/2026\/04\/Picture-Yves-2-150x150.jpeg\"\/><\/td><td>Yves Leger est un instucteur de voilier quillard certifi\u00e9 par Voile Canada. Il enseigne au club depuis quatre ans. Son enseignement est principalement ax\u00e9 sur la pratique. Il accompagne les adultes qui souhaitent d\u00e9velopper leur confiance et leurs comp\u00e9tences en voile sur quillard.<\/td>        <\/tr>\n    <\/tbody><!--ninja_tobody_rendering_done-->\n    <\/table>\n    \n    \n    \n<\/div>\n\n\n\n\n<div id=\"footable_parent_4761\"\n         class=\" footable_parent ninja_table_wrapper loading_ninja_table wp_table_data_press_parent semantic_ui colored_table\">\n                    <h3 class=\"table_title footable_title\">Entra\u00eeneurs (Voile de performance)<\/h3>\n                        <table data-ninja_table_instance=\"ninja_table_instance_4\" data-footable_id=\"4761\" data-filter-delay=\"1000\" aria-label=\"Entra\u00eeneurs (Voile de performance)\"            id=\"footable_4761\"\n           data-unique_identifier=\"ninja_table_unique_id_1696221342_4761\"\n           class=\" foo-table ninja_footable foo_table_4761 ninja_table_unique_id_1696221342_4761 ui table  blue nt_type_legacy_table selectable celled striped vertical_centered inverted footable-paging-right hide_stacked_th ninja_table_search_disabled ninja_table_pro\">\n                <colgroup>\n                            <col class=\"ninja_column_0 \">\n                            <col class=\"ninja_column_1 \">\n                    <\/colgroup>\n        <thead>\n<tr class=\"footable-header\">\n                                        <th scope=\"col\"  class=\"ninja_column_0 ninja_clmn_nm_instructor_coach \">Entra\u00eeneurs (Voile de performance)<\/th><th scope=\"col\"  class=\"ninja_column_1 ninja_clmn_nm_bio \"><\/th><\/tr>\n<\/thead>\n<tbody>\n\n        <tr data-row_id=\"854\" class=\"ninja_table_row_0 nt_row_id_854\">\n            <td data-json_values={\"permalink\":\"\",\"image_thumb\":\"https:\\\/\\\/www.pcyc.qc.ca\\\/wp-content\\\/uploads\\\/2025\\\/12\\\/joe.png\",\"image_full\":\"https:\\\/\\\/www.pcyc.qc.ca\\\/wp-content\\\/uploads\\\/2025\\\/12\\\/joe.png\",\"alt_text\":\"joe\"}><img decoding=\"async\" alt=\"joe\" class=\"nt_image_type_thumb\" src=\"https:\/\/www.pcyc.qc.ca\/wp-content\/uploads\/2025\/12\/joe.png\"\/><\/td><td>Fort de plusieurs d\u00e9cennies d'exp\u00e9rience dans la voile et la course au niveau international, Joe Jospe a particip\u00e9 \u00e0 des comp\u00e9titions au plus haut niveau et apporte une expertise exceptionnelle dans le domaine de la course de performance. Juge certifi\u00e9 au niveau international, il est largement respect\u00e9 pour sa ma\u00eetrise des r\u00e8gles de course \u00e0 la voile. Chaque ann\u00e9e, dans notre club, il anime un s\u00e9minaire tr\u00e8s attendu sur les r\u00e8gles de course, dans lequel il d\u00e9compose des situations complexes en conseils clairs et pratiques qui aident les navigateurs \u00e0 concourir avec confiance, pr\u00e9cision et int\u00e9grit\u00e9.<\/td>        <\/tr>\n            <tr data-row_id=\"853\" class=\"ninja_table_row_1 nt_row_id_853\">\n            <td data-json_values={\"permalink\":\"\",\"image_thumb\":\"https:\\\/\\\/www.pcyc.qc.ca\\\/wp-content\\\/uploads\\\/2026\\\/01\\\/Tof-150x150.jpg\",\"image_full\":\"https:\\\/\\\/www.pcyc.qc.ca\\\/wp-content\\\/uploads\\\/2026\\\/01\\\/Tof.jpg\",\"alt_text\":\"Tof\"}><img decoding=\"async\" alt=\"Tof\" class=\"nt_image_type_thumb\" src=\"https:\/\/www.pcyc.qc.ca\/wp-content\/uploads\/2026\/01\/Tof-150x150.jpg\"\/><\/td><td>Tof Nicoll-Griffith, cadre chez North Sails, l'un des principaux fabricants de voiles du secteur, apporte une expertise in\u00e9gal\u00e9e en mati\u00e8re de conception et de performance des voiles. Courseur tr\u00e8s performant et officier de course national certifi\u00e9, il ajoute \u00e0 ses connaissances techniques une vision concr\u00e8te de la comp\u00e9tition. Il partage cette exp\u00e9rience avec le club en enseignant aux courseurs, anciens et nouveaux, comment r\u00e9gler correctement les voiles pour obtenir une vitesse et une efficacit\u00e9 maximales. Peu de gens connaissent mieux les voiles que lui, et peu de gens sont mieux plac\u00e9s pour enseigner.<\/td>        <\/tr>\n            <tr data-row_id=\"852\" class=\"ninja_table_row_2 nt_row_id_852\">\n            <td data-json_values={\"permalink\":\"\",\"image_thumb\":\"https:\\\/\\\/www.pcyc.qc.ca\\\/wp-content\\\/uploads\\\/2021\\\/07\\\/Fleet-Captain-Frank-Ferrara-150x150.jpg\",\"image_full\":\"https:\\\/\\\/www.pcyc.qc.ca\\\/wp-content\\\/uploads\\\/2021\\\/07\\\/Fleet-Captain-Frank-Ferrara.jpg\",\"alt_text\":\"Fleet Captain - Frank Ferrara\"}><img decoding=\"async\" alt=\"Fleet Captain - Frank Ferrara\" class=\"nt_image_type_thumb\" src=\"https:\/\/www.pcyc.qc.ca\/wp-content\/uploads\/2021\/07\/Fleet-Captain-Frank-Ferrara-150x150.jpg\"\/><\/td><td>Frank Ferrara est dipl\u00f4m\u00e9 de la J-World Performance Sailing School et poss\u00e8de pr\u00e8s de 40 ans d'exp\u00e9rience dans la voile, dont deux d\u00e9cennies dans la comp\u00e9tition. En tant que capitaine de flotte, officier de courses et organisateur d'\u00e9v\u00e9nements du club, il joue un r\u00f4le central dans l'\u00e9laboration d'un programme de courses de haute qualit\u00e9, fond\u00e9 sur le professionnalisme et des pratiques de s\u00e9curit\u00e9 rigoureuses. Il enseigne la course \u00e0 la voile aux d\u00e9butants, le r\u00e9glage des voiles et la navigation avec spi, avec un style d'entra\u00eenement calme et confiant et un engagement profond \u00e0 former des navigateurs comp\u00e9tents et soucieux de la s\u00e9curit\u00e9.<\/td>        <\/tr>\n    <\/tbody><!--ninja_tobody_rendering_done-->\n    <\/table>\n    \n    \n    \n<\/div>\n\n\n\n\n<p><\/p>\n","protected":false},"excerpt":{"rendered":"","protected":false},"author":14,"featured_media":0,"parent":0,"menu_order":0,"comment_status":"closed","ping_status":"closed","template":"","meta":{"_acf_changed":false,"footnotes":""},"class_list":["post-4763","page","type-page","status-publish","hentry"],"acf":[],"_links":{"self":[{"href":"https:\/\/www.pcyc.qc.ca\/fr\/wp-json\/wp\/v2\/pages\/4763","targetHints":{"allow":["GET"]}}],"collection":[{"href":"https:\/\/www.pcyc.qc.ca\/fr\/wp-json\/wp\/v2\/pages"}],"about":[{"href":"https:\/\/www.pcyc.qc.ca\/fr\/wp-json\/wp\/v2\/types\/page"}],"author":[{"embeddable":true,"href":"https:\/\/www.pcyc.qc.ca\/fr\/wp-json\/wp\/v2\/users\/14"}],"replies":[{"embeddable":true,"href":"https:\/\/www.pcyc.qc.ca\/fr\/wp-json\/wp\/v2\/comments?post=4763"}],"version-history":[{"count":0,"href":"https:\/\/www.pcyc.qc.ca\/fr\/wp-json\/wp\/v2\/pages\/4763\/revisions"}],"wp:attachment":[{"href":"https:\/\/www.pcyc.qc.ca\/fr\/wp-json\/wp\/v2\/media?parent=4763"}],"curies":[{"name":"wp","href":"https:\/\/api.w.org\/{rel}","templated":true}]}}