{"id":4392,"date":"2025-07-25T10:31:32","date_gmt":"2025-07-25T14:31:32","guid":{"rendered":"https:\/\/www.pcyc.qc.ca\/?page_id=4392"},"modified":"2025-07-25T10:31:33","modified_gmt":"2025-07-25T14:31:33","slug":"comite-de-nomination-pour-le-comite-executif-2026","status":"publish","type":"page","link":"https:\/\/www.pcyc.qc.ca\/fr\/comite-de-nomination-pour-le-comite-executif-2026\/","title":{"rendered":"Comit\u00e9 de nomination pour le Comit\u00e9 ex\u00e9cutif 2026"},"content":{"rendered":"\n<p>Conform\u00e9ment \u00e0<a href=\"https:\/\/www.pcyc.qc.ca\/wp-content\/uploads\/2025\/04\/PCYC-Bylaws-07_apr_2025.pdf\"> l\u2019article 6 des r\u00e8glements g\u00e9n\u00e9raux du PCYC<\/a>, le Comit\u00e9 ex\u00e9cutif doit d\u00e9signer cinq membres admissibles pour constituer un Comit\u00e9 de nomination. Ce comit\u00e9 a pour mandat de s\u00e9lectionner, \u00e9valuer et proposer des candidats \u00e0 l\u2019\u00e9lection pour chacun des postes ex\u00e9cutifs qui g\u00e9reront le PCYC en 2026.<\/p>\n\n\n\n<p>Conform\u00e9ment aux r\u00e8glements du club, nous proc\u00e9derons \u00e0 la diligence normale attendue dans l\u2019esprit du R\u00e8glement sur la nomination. Voici les prochaines \u00e9tapes et attentes :<\/p>\n\n\n\n<ol class=\"wp-block-list\">\n<li>Les membres du comit\u00e9 de nomination pour le Comit\u00e9 ex\u00e9cutif 2026 sont : Annie Pullen-Sansfa\u00e7on, Martin Benoit, Jack Turgeon, Bruce Vineberg et Rob Girling.<\/li>\n\n\n\n<li>Tout membre votant ou son conjoint ou sa conjointe est \u00e9ligible pour proposer une candidature ou accepter une nomination \u00e0 tout poste \u00e9lu au sein du Comit\u00e9 ex\u00e9cutif du club, mais un membre ne peut accepter une nomination pour plus d\u2019un poste \u00e0 la fois. Les membres associ\u00e9s ne sont pas \u00e9ligibles pour \u00eatre candidats aux postes de Commodore, Vice-Commodore ou Rear-Commodore.<\/li>\n\n\n\n<li>L\u2019avis des candidatures propos\u00e9es par le Comit\u00e9 de nomination doit \u00eatre remis par \u00e9crit au Secr\u00e9taire au plus tard le 15 septembre, et ces candidatures doivent \u00eatre communiqu\u00e9es aux membres avant le 30 septembre.<\/li>\n\n\n\n<li>Toutes les mises en candidature doivent \u00eatre faites par \u00e9crit, sign\u00e9es par les personnes proposant la candidature, et accompagn\u00e9es du consentement \u00e9crit des candidats \u00e0 servir s\u2019ils sont \u00e9lus.<\/li>\n\n\n\n<li>Cinq membres votants peuvent ensemble proposer ind\u00e9pendamment la candidature d\u2019une personne pour chaque poste ou fonction. Toutes les candidatures autres que celles faites par le Comit\u00e9 de nomination doivent \u00eatre d\u00e9pos\u00e9es aupr\u00e8s du Secr\u00e9taire au plus tard \u00e0 midi le 15 octobre, et pas avant le 3 octobre.<\/li>\n\n\n\n<li>La liste compl\u00e8te des candidatures et les noms des membres les soutenant seront inclus dans l\u2019avis de convocation \u00e0 l\u2019Assembl\u00e9e g\u00e9n\u00e9rale annuelle.<\/li>\n\n\n\n<li>Questions et documents peuvent \u00eatre envoy\u00e9s par courriel \u00e0 l\u2019adresse administrative du club : <a href=\"mailto:pcycoffice@pcyc.qc.ca\">pcycoffice@pcyc.qc.ca<\/a><\/li>\n<\/ol>\n\n\n\n<p>Cordialement,<br>Pierre Forest<br>Secr\u00e9taire<\/p>\n","protected":false},"excerpt":{"rendered":"<p>Conform\u00e9ment \u00e0 l\u2019article 6 des r\u00e8glements g\u00e9n\u00e9raux du PCYC, le Comit\u00e9 ex\u00e9cutif doit d\u00e9signer cinq membres admissibles pour constituer un Comit\u00e9 de nomination. Ce comit\u00e9 a pour mandat de s\u00e9lectionner, \u00e9valuer et proposer des candidats \u00e0 l\u2019\u00e9lection pour chacun des postes ex\u00e9cutifs qui g\u00e9reront le PCYC en 2026. Conform\u00e9ment aux r\u00e8glements du club, nous proc\u00e9derons [&hellip;]<\/p>\n","protected":false},"author":17,"featured_media":0,"parent":0,"menu_order":0,"comment_status":"closed","ping_status":"closed","template":"","meta":{"_acf_changed":false,"footnotes":""},"class_list":["post-4392","page","type-page","status-publish","hentry"],"acf":[],"_links":{"self":[{"href":"https:\/\/www.pcyc.qc.ca\/fr\/wp-json\/wp\/v2\/pages\/4392","targetHints":{"allow":["GET"]}}],"collection":[{"href":"https:\/\/www.pcyc.qc.ca\/fr\/wp-json\/wp\/v2\/pages"}],"about":[{"href":"https:\/\/www.pcyc.qc.ca\/fr\/wp-json\/wp\/v2\/types\/page"}],"author":[{"embeddable":true,"href":"https:\/\/www.pcyc.qc.ca\/fr\/wp-json\/wp\/v2\/users\/17"}],"replies":[{"embeddable":true,"href":"https:\/\/www.pcyc.qc.ca\/fr\/wp-json\/wp\/v2\/comments?post=4392"}],"version-history":[{"count":0,"href":"https:\/\/www.pcyc.qc.ca\/fr\/wp-json\/wp\/v2\/pages\/4392\/revisions"}],"wp:attachment":[{"href":"https:\/\/www.pcyc.qc.ca\/fr\/wp-json\/wp\/v2\/media?parent=4392"}],"curies":[{"name":"wp","href":"https:\/\/api.w.org\/{rel}","templated":true}]}}